{"id":3,"date":"2023-10-05T16:41:04","date_gmt":"2023-10-05T14:41:04","guid":{"rendered":"https:\/\/www.soberaniaalimentaria.gob.bo\/?page_id=3"},"modified":"2025-08-21T17:05:35","modified_gmt":"2025-08-21T21:05:35","slug":"politica-privacidad","status":"publish","type":"page","link":"https:\/\/www.soberaniaalimentaria.gob.bo\/?page_id=3","title":{"rendered":"Contacto"},"content":{"rendered":"\t\t<div data-elementor-type=\"wp-page\" data-elementor-id=\"3\" class=\"elementor elementor-3\" data-elementor-post-type=\"page\">\n\t\t\t\t<div class=\"elementor-element elementor-element-2a6ae9a e-flex e-con-boxed e-con e-parent\" data-id=\"2a6ae9a\" data-element_type=\"container\" data-e-type=\"container\">\n\t\t\t\t\t<div class=\"e-con-inner\">\n\t\t\t\t<div class=\"elementor-element elementor-element-3c06dcf elementor-widget elementor-widget-heading\" data-id=\"3c06dcf\" data-element_type=\"widget\" data-e-type=\"widget\" data-widget_type=\"heading.default\">\n\t\t\t\t<div class=\"elementor-widget-container\">\n\t\t\t\t\t<h2 class=\"elementor-heading-title elementor-size-default\">DIRECCION Y CROQUIS<\/h2>\t\t\t\t<\/div>\n\t\t\t\t<\/div>\n\t\t\t\t\t<\/div>\n\t\t\t\t<\/div>\n\t\t\t\t<section class=\"elementor-section elementor-top-section elementor-element elementor-element-dccfec5 elementor-section-full_width elementor-section-height-default elementor-section-height-default\" data-id=\"dccfec5\" data-element_type=\"section\" data-e-type=\"section\">\n\t\t\t\t\t\t<div class=\"elementor-container elementor-column-gap-no\">\n\t\t\t\t\t<div class=\"elementor-column elementor-col-100 elementor-top-column elementor-element elementor-element-5e19a7ab\" data-id=\"5e19a7ab\" data-element_type=\"column\" data-e-type=\"column\">\n\t\t\t<div class=\"elementor-widget-wrap elementor-element-populated\">\n\t\t\t\t\t\t<div class=\"elementor-element elementor-element-502628b elementor-widget elementor-widget-google_maps\" data-id=\"502628b\" data-element_type=\"widget\" data-e-type=\"widget\" data-widget_type=\"google_maps.default\">\n\t\t\t\t<div class=\"elementor-widget-container\">\n\t\t\t\t\t\t\t<div class=\"elementor-custom-embed\">\n\t\t\t<iframe loading=\"lazy\"\n\t\t\t\t\tsrc=\"https:\/\/maps.google.com\/maps?q=Instituci%C3%B3n%20P%C3%BAblica%20Desconcentrada&#038;t=m&#038;z=16&#038;output=embed&#038;iwloc=near\"\n\t\t\t\t\ttitle=\"Instituci\u00f3n P\u00fablica Desconcentrada\"\n\t\t\t\t\taria-label=\"Instituci\u00f3n P\u00fablica Desconcentrada\"\n\t\t\t><\/iframe>\n\t\t<\/div>\n\t\t\t\t\t\t<\/div>\n\t\t\t\t<\/div>\n\t\t\t\t\t<\/div>\n\t\t<\/div>\n\t\t\t\t\t<\/div>\n\t\t<\/section>\n\t\t<div class=\"elementor-element elementor-element-44c6b2a e-con-full e-flex e-con e-parent\" data-id=\"44c6b2a\" data-element_type=\"container\" data-e-type=\"container\">\n\t\t\t\t<div class=\"elementor-element elementor-element-d999afc elementor-widget__width-initial elementor-view-default elementor-position-block-start elementor-mobile-position-block-start elementor-widget elementor-widget-icon-box\" data-id=\"d999afc\" data-element_type=\"widget\" data-e-type=\"widget\" data-widget_type=\"icon-box.default\">\n\t\t\t\t<div class=\"elementor-widget-container\">\n\t\t\t\t\t\t\t<div class=\"elementor-icon-box-wrapper\">\n\n\t\t\t\t\t\t<div class=\"elementor-icon-box-icon\">\n\t\t\t\t<span  class=\"elementor-icon\">\n\t\t\t\t<i aria-hidden=\"true\" class=\"fas fa-map-marker-alt\"><\/i>\t\t\t\t<\/span>\n\t\t\t<\/div>\n\t\t\t\n\t\t\t\t\t\t<div class=\"elementor-icon-box-content\">\n\n\t\t\t\t\t\t\t\t\t<h5 class=\"elementor-icon-box-title\">\n\t\t\t\t\t\t<span  >\n\t\t\t\t\t\t\tDirecci\u00f3n\t\t\t\t\t\t<\/span>\n\t\t\t\t\t<\/h5>\n\t\t\t\t\n\t\t\t\t\t\t\t\t\t<p class=\"elementor-icon-box-description\">\n\t\t\t\t\t\tLa Paz: Calle Almirante Grau N\u00b0541 entre Zoilo Flores y Boquer\u00f3n, zona San Pedro.\t\t\t\t\t<\/p>\n\t\t\t\t\n\t\t\t<\/div>\n\t\t\t\n\t\t<\/div>\n\t\t\t\t\t\t<\/div>\n\t\t\t\t<\/div>\n\t\t\t\t<div class=\"elementor-element elementor-element-2f0498b elementor-widget__width-initial elementor-view-default elementor-position-block-start elementor-mobile-position-block-start elementor-widget elementor-widget-icon-box\" data-id=\"2f0498b\" data-element_type=\"widget\" data-e-type=\"widget\" data-widget_type=\"icon-box.default\">\n\t\t\t\t<div class=\"elementor-widget-container\">\n\t\t\t\t\t\t\t<div class=\"elementor-icon-box-wrapper\">\n\n\t\t\t\t\t\t<div class=\"elementor-icon-box-icon\">\n\t\t\t\t<span  class=\"elementor-icon\">\n\t\t\t\t<i aria-hidden=\"true\" class=\"fas fa-mail-bulk\"><\/i>\t\t\t\t<\/span>\n\t\t\t<\/div>\n\t\t\t\n\t\t\t\t\t\t<div class=\"elementor-icon-box-content\">\n\n\t\t\t\t\t\t\t\t\t<h5 class=\"elementor-icon-box-title\">\n\t\t\t\t\t\t<span  >\n\t\t\t\t\t\t\tEmail\t\t\t\t\t\t<\/span>\n\t\t\t\t\t<\/h5>\n\t\t\t\t\n\t\t\t\t\t\t\t\t\t<p class=\"elementor-icon-box-description\">\n\t\t\t\t\t\tcontacto@soberaniaalimentaria.gob.bo<br>ipdsa.2022@gmail.com \t\t\t\t\t<\/p>\n\t\t\t\t\n\t\t\t<\/div>\n\t\t\t\n\t\t<\/div>\n\t\t\t\t\t\t<\/div>\n\t\t\t\t<\/div>\n\t\t\t\t<div class=\"elementor-element elementor-element-537eee4 elementor-widget__width-initial elementor-view-default elementor-position-block-start elementor-mobile-position-block-start elementor-widget elementor-widget-icon-box\" data-id=\"537eee4\" data-element_type=\"widget\" data-e-type=\"widget\" data-widget_type=\"icon-box.default\">\n\t\t\t\t<div class=\"elementor-widget-container\">\n\t\t\t\t\t\t\t<div class=\"elementor-icon-box-wrapper\">\n\n\t\t\t\t\t\t<div class=\"elementor-icon-box-icon\">\n\t\t\t\t<span  class=\"elementor-icon\">\n\t\t\t\t<i aria-hidden=\"true\" class=\"fas fa-phone-square-alt\"><\/i>\t\t\t\t<\/span>\n\t\t\t<\/div>\n\t\t\t\n\t\t\t\t\t\t<div class=\"elementor-icon-box-content\">\n\n\t\t\t\t\t\t\t\t\t<h5 class=\"elementor-icon-box-title\">\n\t\t\t\t\t\t<span  >\n\t\t\t\t\t\t\tTelefono\t\t\t\t\t\t<\/span>\n\t\t\t\t\t<\/h5>\n\t\t\t\t\n\t\t\t\t\t\t\t\t\t<p class=\"elementor-icon-box-description\">\n\t\t\t\t\t\t(591-2) 2914631 \u2013 2914632 \u2013 2914633 \u2013 2914703 \u2013 2914704 \u2013 2914705\t\t\t\t\t<\/p>\n\t\t\t\t\n\t\t\t<\/div>\n\t\t\t\n\t\t<\/div>\n\t\t\t\t\t\t<\/div>\n\t\t\t\t<\/div>\n\t\t\t\t<\/div>\n\t\t<div class=\"elementor-element elementor-element-90c881b e-flex e-con-boxed e-con e-parent\" data-id=\"90c881b\" data-element_type=\"container\" data-e-type=\"container\">\n\t\t\t\t\t<div class=\"e-con-inner\">\n\t\t\t\t<div class=\"elementor-element elementor-element-da1afde elementor-widget__width-initial elementor-widget elementor-widget-text-editor\" data-id=\"da1afde\" data-element_type=\"widget\" data-e-type=\"widget\" data-widget_type=\"text-editor.default\">\n\t\t\t\t<div class=\"elementor-widget-container\">\n\t\t\t\t\t\t\t\t\t<div data-wow-delay=\"100ms\" data-wow-duration=\"1500ms\"><aside id=\"text-2\" class=\"widget widget_text\">\n<div class=\"textwidget\"><aside class=\"widget widget_nav_menu\">\n<h5 class=\"widget-title\">Ministerios<\/h5>\n<div class=\"menu-services-container\">\n<ul id=\"menu-services-menu\" class=\"menu\">\n\n \t<li class=\"menu-item\"><a href=\"https:\/\/www.ruralytierras.gob.bo\/\">Ministerio de Desarrollo Rural y Tierras<\/a><\/li>\n \t<li class=\"menu-item\"><a href=\"https:\/\/www.economiayfinanzas.gob.bo\/\">Ministerio de Econom\u00eda y Finanzas P\u00fablicas<\/a><\/li>\n \t<li class=\"menu-item\"><a href=\"https:\/\/www.oopp.gob.bo\/\">Ministerio de Obras P\u00fablicas, Servicios y Vivienda<\/a><\/li>\n \t<li class=\"menu-item\"><a href=\"https:\/\/produccion.gob.bo\/\">Ministerio de Desarrollo Productivo y Econom\u00eda Plural<\/a><\/li>\n \t<li class=\"menu-item\"><a href=\"https:\/\/www.minedu.gob.bo\/\">Ministerio de Educaci\u00f3n<\/a><\/li>\n \t<li class=\"menu-item\"><a href=\"https:\/\/www.minsalud.gob.bo\/\">Ministerio de Salud<\/a><\/li>\n \t<li class=\"menu-item\"><a href=\"http:\/\/www.mhe.gob.bo\/\">Ministerio de Hidrocarburos y Energ\u00edas<\/a><\/li>\n \t<li class=\"menu-item\"><a href=\"http:\/\/www.mineria.gob.bo\/\">Ministerio de Miner\u00eda y Metalurgia<\/a><\/li>\n \t<li class=\"menu-item\"><a href=\"https:\/\/www.mintrabajo.gob.bo\/\">Ministerio de Trabajo, Empleo y Previsi\u00f3n Social<\/a><\/li>\n \t<li class=\"menu-item\"><a href=\"https:\/\/www.mmaya.gob.bo\/\">Ministerio de Medio Ambiente y Agua<\/a><\/li>\n \t<li class=\"menu-item\"><a href=\"http:\/\/www.planificacion.gob.bo\/index\">Ministerio de Planificaci\u00f3n del Desarrollo<\/a><\/li>\n \t<li class=\"menu-item\"><a href=\"https:\/\/www.cancilleria.gob.bo\/webmre\/\">Ministerio de Relaciones Exteriores<\/a><\/li>\n \t<li class=\"menu-item\"><a href=\"https:\/\/www.presidencia.gob.bo\/\">Ministerio de la Presidencia<\/a><\/li>\n \t<li class=\"menu-item\"><a href=\"https:\/\/www.justicia.gob.bo\/portal\/index.php\">Ministerio de Justicia y Transparencia<\/a><\/li>\n \t<li class=\"menu-item\"><a href=\"http:\/\/www.minculturas.gob.bo\/\">Ministerio de Culturas, Descolonizaci\u00f3n y Despatriarcalizaci\u00f3n<\/a><\/li>\n \t<li class=\"menu-item\"><a href=\"https:\/\/www.mingobierno.gob.bo\/\">Ministerio de Gobierno<\/a><\/li>\n \t<li class=\"menu-item\"><a href=\"https:\/\/www.mindef.gob.bo\/mindef\/\">Ministerio de Defensa<\/a><\/li>\n<\/ul>\n<\/ul>\n<\/div>\n<\/aside><\/div>\n<\/aside><\/div>\t\t\t\t\t\t\t\t<\/div>\n\t\t\t\t<\/div>\n\t\t\t\t\t<\/div>\n\t\t\t\t<\/div>\n\t\t\t\t<\/div>\n\t\t","protected":false},"excerpt":{"rendered":"<p>DIRECCION Y CROQUIS Direcci\u00f3n La Paz: Calle Almirante Grau N\u00b0541 entre Zoilo Flores y Boquer\u00f3n, zona San Pedro. Email contacto@soberaniaalimentaria.gob.boipdsa.2022@gmail.com Telefono (591-2) 2914631 \u2013 2914632 \u2013 2914633 \u2013 2914703 \u2013 2914704 \u2013 2914705 Ministerios Ministerio de Desarrollo Rural y Tierras Ministerio de Econom\u00eda y Finanzas P\u00fablicas Ministerio de Obras P\u00fablicas, Servicios y Vivienda Ministerio de [&hellip;]<\/p>\n","protected":false},"author":1,"featured_media":0,"parent":0,"menu_order":0,"comment_status":"closed","ping_status":"open","template":"","meta":{"_acf_changed":false,"footnotes":""},"class_list":["post-3","page","type-page","status-publish","hentry"],"acf":[],"_links":{"self":[{"href":"https:\/\/www.soberaniaalimentaria.gob.bo\/index.php?rest_route=\/wp\/v2\/pages\/3","targetHints":{"allow":["GET"]}}],"collection":[{"href":"https:\/\/www.soberaniaalimentaria.gob.bo\/index.php?rest_route=\/wp\/v2\/pages"}],"about":[{"href":"https:\/\/www.soberaniaalimentaria.gob.bo\/index.php?rest_route=\/wp\/v2\/types\/page"}],"author":[{"embeddable":true,"href":"https:\/\/www.soberaniaalimentaria.gob.bo\/index.php?rest_route=\/wp\/v2\/users\/1"}],"replies":[{"embeddable":true,"href":"https:\/\/www.soberaniaalimentaria.gob.bo\/index.php?rest_route=%2Fwp%2Fv2%2Fcomments&post=3"}],"version-history":[{"count":56,"href":"https:\/\/www.soberaniaalimentaria.gob.bo\/index.php?rest_route=\/wp\/v2\/pages\/3\/revisions"}],"predecessor-version":[{"id":3686,"href":"https:\/\/www.soberaniaalimentaria.gob.bo\/index.php?rest_route=\/wp\/v2\/pages\/3\/revisions\/3686"}],"wp:attachment":[{"href":"https:\/\/www.soberaniaalimentaria.gob.bo\/index.php?rest_route=%2Fwp%2Fv2%2Fmedia&parent=3"}],"curies":[{"name":"wp","href":"https:\/\/api.w.org\/{rel}","templated":true}]}}